{"id":24,"date":"2019-04-15T13:12:46","date_gmt":"2019-04-15T13:12:46","guid":{"rendered":"http:\/\/sammy-short.de\/?page_id=24"},"modified":"2025-09-25T10:13:15","modified_gmt":"2025-09-25T08:13:15","slug":"start","status":"publish","type":"page","link":"https:\/\/sammy-short.de\/","title":{"rendered":"Start"},"content":{"rendered":"<p>[et_pb_section fb_built=&#8220;1&#8243; fullwidth=&#8220;on&#8220; _builder_version=&#8220;4.16&#8243; background_color=&#8220;#000000&#8243; parallax=&#8220;on&#8220; global_colors_info=&#8220;{}&#8220;][et_pb_fullwidth_header text_orientation=&#8220;center&#8220; header_fullscreen=&#8220;on&#8220; header_scroll_down=&#8220;on&#8220; scroll_down_icon=&#8220;%%10%%&#8220; scroll_down_icon_color=&#8220;#ffffff&#8220; logo_image_url=&#8220;https:\/\/sammy-short.de\/wp-content\/uploads\/2019\/04\/Logo-weiss_300dpi.png&#8220; admin_label=&#8220;Vollbreite Kopfzeile_Logo&#8220; _builder_version=&#8220;4.27.4&#8243; background_color=&#8220;#000000&#8243; parallax=&#8220;on&#8220; global_colors_info=&#8220;{}&#8220;][\/et_pb_fullwidth_header][et_pb_fullwidth_header text_orientation=&#8220;center&#8220; header_fullscreen=&#8220;on&#8220; header_scroll_down=&#8220;on&#8220; scroll_down_icon=&#8220;%%10%%&#8220; scroll_down_icon_color=&#8220;#ffffff&#8220; admin_label=&#8220;Vollbreite Kopfzeile_Hintergrund Bild&#8220; _builder_version=&#8220;4.21.0&#8243; subhead_font_size=&#8220;30px&#8220; background_color=&#8220;#000000&#8243; background_image=&#8220;https:\/\/sammy-short.de\/wp-content\/uploads\/2019\/12\/25_stehen-l\u00e4cheln2_lum_1500_70.jpg&#8220; parallax=&#8220;on&#8220; subhead_text_shadow_style=&#8220;preset4&#8243; global_colors_info=&#8220;{}&#8220;]<\/p>\n<p>&nbsp;<\/p>\n<p>&nbsp;<\/p>\n<p>&nbsp;<\/p>\n<p>&nbsp;<\/p>\n<p>&nbsp;<\/p>\n<p>&nbsp;<\/p>\n<p>&nbsp;<\/p>\n<p>&nbsp;<\/p>\n<p>&nbsp;<\/p>\n<p>&nbsp;<\/p>\n<h1>musik@sammy-short.de<\/h1>\n<p>[\/et_pb_fullwidth_header][et_pb_fullwidth_header subhead=&#8220;5 Vocals, 3 Gitarren, 1 Cajon&#8220; text_orientation=&#8220;center&#8220; header_fullscreen=&#8220;on&#8220; header_scroll_down=&#8220;on&#8220; scroll_down_icon=&#8220;%%10%%&#8220; scroll_down_icon_color=&#8220;#ffffff&#8220; logo_image_url=&#8220;https:\/\/sammy-short.de\/wp-content\/uploads\/2019\/04\/Logo-weiss_300dpi.png&#8220; admin_label=&#8220;Vollbreite Kopfzeile_Logo&#8220; _builder_version=&#8220;4.24.2&#8243; subhead_font=&#8220;|700|||||||&#8220; subhead_font_size=&#8220;22px&#8220; background_color=&#8220;#000000&#8243; parallax=&#8220;on&#8220; global_colors_info=&#8220;{}&#8220;]<\/p>\n<p>&nbsp;<\/p>\n<p>&nbsp;<\/p>\n<p>&nbsp;<\/p>\n<p>[\/et_pb_fullwidth_header][\/et_pb_section][et_pb_section fb_built=&#8220;1&#8243; fullwidth=&#8220;on&#8220; disabled_on=&#8220;off|off|off&#8220; admin_label=&#8220;Termine&#8220; _builder_version=&#8220;4.21.0&#8243; global_colors_info=&#8220;{}&#8220;][et_pb_fullwidth_header text_orientation=&#8220;center&#8220; header_fullscreen=&#8220;on&#8220; header_scroll_down=&#8220;on&#8220; scroll_down_icon=&#8220;%%10%%&#8220; scroll_down_icon_color=&#8220;#ffffff&#8220; logo_image_url=&#8220;https:\/\/sammy-short.de\/wp-content\/uploads\/2019\/04\/Logo_Gitarren_Cajon_Mikro_weiss_18-10-11_500.png&#8220; admin_label=&#8220;Vollbreite Kopfzeile_Bild und Text&#8220; _builder_version=&#8220;4.21.0&#8243; content_font_size=&#8220;13px&#8220; content_line_height=&#8220;1.1em&#8220; background_color=&#8220;#000000&#8243; background_enable_image=&#8220;off&#8220; global_colors_info=&#8220;{}&#8220;][\/et_pb_fullwidth_header][\/et_pb_section][et_pb_section fb_built=&#8220;1&#8243; disabled_on=&#8220;on|on|on&#8220; _builder_version=&#8220;4.16&#8243; background_color=&#8220;#000000&#8243; disabled=&#8220;on&#8220; global_colors_info=&#8220;{}&#8220;][et_pb_row _builder_version=&#8220;4.16&#8243; global_colors_info=&#8220;{}&#8220;][et_pb_column type=&#8220;4_4&#8243; _builder_version=&#8220;4.16&#8243; custom_padding=&#8220;|||&#8220; global_colors_info=&#8220;{}&#8220; custom_padding__hover=&#8220;|||&#8220;][et_pb_image src=&#8220;https:\/\/sammy-short.de\/wp-content\/uploads\/2019\/04\/Logo-weiss_300dpi.png&#8220; align=&#8220;center&#8220; align_tablet=&#8220;center&#8220; align_phone=&#8220;&#8220; align_last_edited=&#8220;on|desktop&#8220; _builder_version=&#8220;4.16&#8243; background_color=&#8220;#000000&#8243; global_colors_info=&#8220;{}&#8220;][\/et_pb_image][et_pb_text _builder_version=&#8220;4.16&#8243; text_font=&#8220;||||||||&#8220; ul_font=&#8220;||||||||&#8220; header_font=&#8220;|700|||||||&#8220; header_text_color=&#8220;#ffffff&#8220; header_font_size=&#8220;60px&#8220; header_2_font=&#8220;||||||||&#8220; header_2_text_color=&#8220;#ffffff&#8220; global_colors_info=&#8220;{}&#8220;]<\/p>\n<h2 style=\"text-align: center;\"><strong>F\u00fcnf Vocals, drei Gitarren und ein Cajon<\/strong><\/h2>\n<p>[\/et_pb_text][\/et_pb_column][\/et_pb_row][\/et_pb_section][et_pb_section fb_built=&#8220;1&#8243; disabled_on=&#8220;on|on|on&#8220; _builder_version=&#8220;4.16&#8243; background_color=&#8220;#000000&#8243; disabled=&#8220;on&#8220; global_colors_info=&#8220;{}&#8220;][et_pb_row column_structure=&#8220;1_2,1_2&#8243; _builder_version=&#8220;4.16&#8243; global_colors_info=&#8220;{}&#8220;][et_pb_column type=&#8220;1_2&#8243; _builder_version=&#8220;4.16&#8243; custom_padding=&#8220;|||&#8220; global_colors_info=&#8220;{}&#8220; custom_padding__hover=&#8220;|||&#8220;][et_pb_text _builder_version=&#8220;4.16&#8243; global_colors_info=&#8220;{}&#8220;]<\/p>\n<h3><strong>SAMMY SHORT \u2013 was ist denn das f\u00fcr ein Name?<\/strong><\/h3>\n<p>Warum denn ausgerechnet dieser Name? Wie seid ihr denn auf diesen Namen gekommen?<br \/> Solche und \u00e4hnliche Fragen werden uns immer wieder gestellt. Hier gibt es jetzt die Antwort dazu:<br \/> Es war einmal vor langer, langer Zeit\u2026<br \/> Im August des Jahres 2010 spiel\u00adten wir das erste Mal, anl\u00e4sslich eines Geburtstags, in \u00d6sterreich im Pitztal auf der Stalder-H\u00fctte.<br \/> Wir hatten ein paar Monate zuvor angefangen zu \u00fcben. Nach diesem Geburtstag hat uns das \u201eMusikfieber\u201c gepackt. Wir wollten nicht mehr aufh\u00f6ren, und probten immer weiter.<br \/> Ja, und irgendwann braucht jede Band einen Namen.<br \/> Das Geburtstagskind, bei dem wir das erste Mal vor Publikum aufgetreten sind hatte fr\u00fcher mal den Spitznamen \u201eSammy\u201c, und die Person ist nicht sehr gro\u00df<\/p>\n<p>&nbsp;<\/p>\n<h3><strong>Da war er, der Name: SAMMY SHORT<\/strong><\/h3>\n<p>[\/et_pb_text][\/et_pb_column][et_pb_column type=&#8220;1_2&#8243; _builder_version=&#8220;4.16&#8243; custom_padding=&#8220;|||&#8220; global_colors_info=&#8220;{}&#8220; custom_padding__hover=&#8220;|||&#8220;][et_pb_image src=&#8220;https:\/\/sammy-short.de\/wp-content\/uploads\/2019\/04\/Logo_Gitarren_Cajon_Mikro_weiss_18-10-11_500.png&#8220; align_tablet=&#8220;center&#8220; align_phone=&#8220;&#8220; align_last_edited=&#8220;on|desktop&#8220; _builder_version=&#8220;4.16&#8243; global_colors_info=&#8220;{}&#8220;][\/et_pb_image][\/et_pb_column][\/et_pb_row][\/et_pb_section][et_pb_section fb_built=&#8220;1&#8243; fullwidth=&#8220;on&#8220; _builder_version=&#8220;4.16&#8243; global_colors_info=&#8220;{}&#8220;][et_pb_fullwidth_header text_orientation=&#8220;center&#8220; header_fullscreen=&#8220;on&#8220; header_scroll_down=&#8220;on&#8220; scroll_down_icon=&#8220;%%10%%&#8220; scroll_down_icon_color=&#8220;#ffffff&#8220; admin_label=&#8220;Vollbreite Kopfzeile_Bild und Text in Tabelle&#8220; _builder_version=&#8220;4.16&#8243; background_color=&#8220;#000000&#8243; background_enable_image=&#8220;off&#8220; global_colors_info=&#8220;{}&#8220;]<\/p>\n<table width=\"550\" height=\"64\">\n<tbody>\n<tr>\n<td style=\"width: 267.2px;\">\n<p><strong>Wir spielen Oldies, Rock &amp; Pop<\/strong><br \/><strong>Hier ein paar Beispiele auf unserer Setliste:<\/strong><\/p>\n<p>&nbsp;<\/p>\n<p>Bad moon rising<br \/>Jackson<br \/>Beds are burning<br \/>Take me home country roads<br \/>Breakfast in Amerika<br \/>Hey Soul Sister<br \/>Venus<br \/>Mighty Quinn<br \/>Peacekeeper<br \/>Another cup of coffee<br \/>Dreadlock Holiday<br \/>Losing my Religion<br \/>Rama lama ding dong<br \/>Stumblin\u2018 in<br \/>Co Co<br \/>Thirty Nine<br \/>Flying<\/p>\n<\/td>\n<td style=\"width: 268px;\">\n<p>Lemon Tree<br \/>Willenlos<br \/>Mrs. Robinson<br \/>Ain\u2019t Nobody<br \/>Because the night<br \/>Girls girls girls<br \/>Summer Wine<br \/>Lay down Sally<br \/>San Francisco<br \/>What\u2019s up<br \/>It\u2019s so easy<br \/>Folsom Prison Blues<br \/>Westerland<br \/>Hit the road Jack<br \/>Tage wie diese<br \/>Don\u2019t stop<br \/>Call me the breeze<br \/>Africa<br \/>uvm.<\/p>\n<p>&nbsp;<\/p>\n<p><strong>F\u00fcnf Vocals, drei Gitarren und ein Cajon<\/strong><\/p>\n<\/td>\n<\/tr>\n<\/tbody>\n<\/table>\n<h3><strong><\/strong><\/h3>\n<p>[\/et_pb_fullwidth_header][\/et_pb_section][et_pb_section fb_built=&#8220;1&#8243; disabled_on=&#8220;on|on|on&#8220; _builder_version=&#8220;4.16&#8243; background_color=&#8220;#000000&#8243; disabled=&#8220;on&#8220; global_colors_info=&#8220;{}&#8220;][et_pb_row column_structure=&#8220;1_2,1_2&#8243; _builder_version=&#8220;4.16&#8243; global_colors_info=&#8220;{}&#8220;][et_pb_column type=&#8220;1_2&#8243; _builder_version=&#8220;4.16&#8243; custom_padding=&#8220;|||&#8220; global_colors_info=&#8220;{}&#8220; custom_padding__hover=&#8220;|||&#8220;][et_pb_text _builder_version=&#8220;4.16&#8243; custom_padding=&#8220;0px|||||&#8220; global_colors_info=&#8220;{}&#8220;]<\/p>\n<p><strong>Wir spielen Oldies, Rock &amp; Pop<\/strong><br \/><strong> Hier ein paar Beispiele aus unserem Repertoire:<\/strong><\/p>\n<p>Bad moon rising<br \/> Jackson<br \/> Beds are burning<br \/> Take me home country roads<br \/> Who\u2019ll stop the rain<br \/> Rise<br \/> Breakfast in Amerika<br \/> Hey Soul Sister<br \/> Venus<br \/> Mighty Quinn<br \/> Peacekeeper<br \/> Another cup of coffee<br \/> Down by the river<br \/>Losing my Religion<br \/> Rama lama ding dong<br \/> Riptide<br \/> Gambling man<br \/> Stumblin\u2018 in<br \/> Little talks<br \/> Thirty Nine<br \/> Flying<\/p>\n<p>[\/et_pb_text][\/et_pb_column][et_pb_column type=&#8220;1_2&#8243; _builder_version=&#8220;4.16&#8243; custom_padding=&#8220;|||&#8220; global_colors_info=&#8220;{}&#8220; custom_padding__hover=&#8220;|||&#8220;][et_pb_text _builder_version=&#8220;4.16&#8243; global_colors_info=&#8220;{}&#8220;]<\/p>\n<p>Lemon Tree<br \/> Willenlos<br \/> 39<br \/> Mrs. Robinson<br \/>Ain&#8217;t Nobody<br \/> Down on the corner<br \/> Because the night<br \/> Girls girls girls<br \/> Summer Wine<br \/> Lay down Sally<br \/> San Francisco<br \/> Bye bye love<br \/> What\u2019s up<br \/> It\u2019s so easy<br \/>Folsom Prison Blues<br \/> Westerland<br \/> Hit the road Jack<br \/> Tage wie diese<br \/>Don&#8217;t stop<br \/> Call me the breeze<br \/>Africa<br \/> uvm.<\/p>\n<p><strong>F\u00fcnf Vocals, drei Gitarren und ein Cajon<\/strong><\/p>\n<p>[\/et_pb_text][\/et_pb_column][\/et_pb_row][\/et_pb_section][et_pb_section fb_built=&#8220;1&#8243; fullwidth=&#8220;on&#8220; _builder_version=&#8220;4.16&#8243; global_colors_info=&#8220;{}&#8220;][et_pb_fullwidth_header text_orientation=&#8220;center&#8220; header_fullscreen=&#8220;on&#8220; header_scroll_down=&#8220;on&#8220; scroll_down_icon=&#8220;%%10%%&#8220; scroll_down_icon_color=&#8220;#ffffff&#8220; admin_label=&#8220;Vollbreite Kopfzeile_Bild im Hintergrund&#8220; _builder_version=&#8220;4.21.0&#8243; background_color=&#8220;#000000&#8243; background_image=&#8220;https:\/\/sammy-short.de\/wp-content\/uploads\/2019\/08\/47_Instrumente-l\u00e4ssig3_lum40_1920.jpg&#8220; parallax=&#8220;on&#8220; global_colors_info=&#8220;{}&#8220;]<\/p>\n<p>&nbsp;<\/p>\n<p>&nbsp;<\/p>\n<p>&nbsp;<\/p>\n<p>&nbsp;<\/p>\n<p>&nbsp;<\/p>\n<p>&nbsp;<\/p>\n<p>&nbsp;<\/p>\n<p>&nbsp;<\/p>\n<p>&nbsp;<\/p>\n<p>&nbsp;<\/p>\n<p>&nbsp;<\/p>\n<p>&nbsp;<\/p>\n<p>&nbsp;<\/p>\n<p>&nbsp;<\/p>\n<p>&nbsp;<\/p>\n<p>&nbsp;<\/p>\n<p>&nbsp;<\/p>\n<h1>musik@sammy-short.de<\/h1>\n<p>[\/et_pb_fullwidth_header][\/et_pb_section][et_pb_section fb_built=&#8220;1&#8243; fullwidth=&#8220;on&#8220; _builder_version=&#8220;4.16&#8243; global_colors_info=&#8220;{}&#8220;][et_pb_fullwidth_header text_orientation=&#8220;center&#8220; header_fullscreen=&#8220;on&#8220; header_scroll_down=&#8220;on&#8220; scroll_down_icon=&#8220;%%10%%&#8220; scroll_down_icon_color=&#8220;#ffffff&#8220; content_last_edited=&#8220;off|desktop&#8220; admin_label=&#8220;Vollbreite Kopfzeile&#8220; _builder_version=&#8220;4.16&#8243; content_font=&#8220;|700|||||||&#8220; content_font_size=&#8220;48px&#8220; content_letter_spacing=&#8220;32px&#8220; content_line_height=&#8220;2.2em&#8220; background_color=&#8220;#000000&#8243; background_enable_image=&#8220;off&#8220; parallax=&#8220;on&#8220; global_colors_info=&#8220;{}&#8220; content__hover_enabled=&#8220;off|desktop&#8220;]<\/p>\n<p><strong>Stra\u00dfenfest<\/strong><\/p>\n<p><strong>Geburtstag<\/strong><\/p>\n<p><strong>Hocketse<\/strong><\/p>\n<p><strong>Vereinsfest<\/strong><\/p>\n<p><strong>Feuerwehrfest<\/strong><\/p>\n<p>[\/et_pb_fullwidth_header][\/et_pb_section][et_pb_section fb_built=&#8220;1&#8243; disabled_on=&#8220;on|on|on&#8220; _builder_version=&#8220;4.16&#8243; background_color=&#8220;#000000&#8243; disabled=&#8220;on&#8220; global_colors_info=&#8220;{}&#8220;][et_pb_row column_structure=&#8220;1_5,1_5,1_5,1_5,1_5&#8243; _builder_version=&#8220;4.16&#8243; global_colors_info=&#8220;{}&#8220;][et_pb_column type=&#8220;1_5&#8243; _builder_version=&#8220;4.16&#8243; global_colors_info=&#8220;{}&#8220;][et_pb_image src=&#8220;https:\/\/sammy-short.de\/wp-content\/uploads\/2019\/12\/19_Dieter-l\u00e4cheln_lum_500_80-300&#215;300.jpg&#8220; _builder_version=&#8220;4.16&#8243; global_colors_info=&#8220;{}&#8220;][\/et_pb_image][\/et_pb_column][et_pb_column type=&#8220;1_5&#8243; _builder_version=&#8220;4.16&#8243; global_colors_info=&#8220;{}&#8220;][et_pb_image src=&#8220;https:\/\/sammy-short.de\/wp-content\/uploads\/2019\/12\/07_Volker-l\u00e4cheln_lum_500_80-300&#215;300.jpg&#8220; _builder_version=&#8220;4.16&#8243; global_colors_info=&#8220;{}&#8220;][\/et_pb_image][\/et_pb_column][et_pb_column type=&#8220;1_5&#8243; _builder_version=&#8220;4.16&#8243; global_colors_info=&#8220;{}&#8220;][et_pb_image src=&#8220;https:\/\/sammy-short.de\/wp-content\/uploads\/2019\/12\/15_Reimund-l\u00e4cheln_lum_500_80-300&#215;300.jpg&#8220; _builder_version=&#8220;4.16&#8243; global_colors_info=&#8220;{}&#8220;][\/et_pb_image][\/et_pb_column][et_pb_column type=&#8220;1_5&#8243; _builder_version=&#8220;4.16&#8243; global_colors_info=&#8220;{}&#8220;][et_pb_image src=&#8220;https:\/\/sammy-short.de\/wp-content\/uploads\/2019\/12\/11_Sabine-l\u00e4cheln_lum_500_80-300&#215;300.jpg&#8220; _builder_version=&#8220;4.16&#8243; global_colors_info=&#8220;{}&#8220;][\/et_pb_image][\/et_pb_column][et_pb_column type=&#8220;1_5&#8243; _builder_version=&#8220;4.16&#8243; global_colors_info=&#8220;{}&#8220;][et_pb_image src=&#8220;https:\/\/sammy-short.de\/wp-content\/uploads\/2019\/12\/03_Matze-l\u00e4cheln_lum_500_80-300&#215;300.jpg&#8220; _builder_version=&#8220;4.16&#8243; global_colors_info=&#8220;{}&#8220;][\/et_pb_image][\/et_pb_column][\/et_pb_row][\/et_pb_section][et_pb_section fb_built=&#8220;1&#8243; fullwidth=&#8220;on&#8220; _builder_version=&#8220;4.16&#8243; global_colors_info=&#8220;{}&#8220;][et_pb_fullwidth_header text_orientation=&#8220;center&#8220; header_fullscreen=&#8220;on&#8220; header_scroll_down=&#8220;on&#8220; scroll_down_icon=&#8220;%%10%%&#8220; scroll_down_icon_color=&#8220;#ffffff&#8220; admin_label=&#8220;Vollbreite Kopfzeile_Video&#8220; _builder_version=&#8220;4.21.0&#8243; background_color=&#8220;#000000&#8243; parallax=&#8220;on&#8220; background_video_mp4=&#8220;https:\/\/sammy-short.de\/wp-content\/uploads\/2019\/04\/Hintergrund_Gitarre2.mp4&#8243; global_colors_info=&#8220;{}&#8220;][\/et_pb_fullwidth_header][\/et_pb_section][et_pb_section fb_built=&#8220;1&#8243; fullwidth=&#8220;on&#8220; _builder_version=&#8220;4.16&#8243; global_colors_info=&#8220;{}&#8220;][et_pb_fullwidth_header subhead=&#8220;musik@sammy-short.de&#8220; text_orientation=&#8220;center&#8220; header_fullscreen=&#8220;on&#8220; content_orientation=&#8220;bottom&#8220; admin_label=&#8220;Vollbreite Kopfzeile_Bild im Hintergrund&#8220; _builder_version=&#8220;4.21.0&#8243; subhead_font=&#8220;|700|||||||&#8220; subhead_font_size=&#8220;28px&#8220; background_color=&#8220;#000000&#8243; background_image=&#8220;https:\/\/sammy-short.de\/wp-content\/uploads\/2019\/12\/P1000360_lum_1500_90.jpg&#8220; subhead_text_shadow_style=&#8220;preset5&#8243; global_colors_info=&#8220;{}&#8220;][\/et_pb_fullwidth_header][\/et_pb_section]<\/p>\n","protected":false},"excerpt":{"rendered":"<p>&nbsp; &nbsp; &nbsp; &nbsp; &nbsp; &nbsp; &nbsp; &nbsp; &nbsp; &nbsp; musik@sammy-short.de&nbsp; &nbsp; &nbsp;F\u00fcnf Vocals, drei Gitarren und ein CajonSAMMY SHORT \u2013 was ist denn das f\u00fcr ein Name? Warum denn ausgerechnet dieser Name? Wie seid ihr denn auf diesen Namen gekommen? Solche und \u00e4hnliche Fragen werden uns immer wieder gestellt. Hier gibt es jetzt die [&hellip;]<\/p>\n","protected":false},"author":1,"featured_media":0,"parent":0,"menu_order":0,"comment_status":"closed","ping_status":"closed","template":"","meta":{"_et_pb_use_builder":"on","_et_pb_old_content":"<!-- wp:image {\"id\":31,\"align\":\"center\"} -->\n<div class=\"wp-block-image\"><figure class=\"aligncenter\"><img src=\"http:\/\/sammy-short.de\/wp-content\/uploads\/2019\/04\/25_stehen-laecheln2_lum_1500-1024x731.jpg\" alt=\"\" class=\"wp-image-31\"\/><\/figure><\/div>\n<!-- \/wp:image -->\n\n<!-- wp:paragraph {\"align\":\"center\"} -->\n<p style=\"text-align:center\"><strong>Rohracker Hocketse<br><\/strong>Donnerstag, 30.05.2019 <br>(Christi Himmelfahrt)<br>14 \u2013 17:30 Uhr<\/p>\n<!-- \/wp:paragraph -->\n\n<!-- wp:paragraph {\"align\":\"center\"} -->\n<p style=\"text-align:center\"><strong>Feuerwehrfest Heumaden<br><\/strong>Sonntag, 30.06.2019<br>17 \u2013 20 Uhr<\/p>\n<!-- \/wp:paragraph -->\n\n<!-- wp:paragraph {\"align\":\"center\"} -->\n<p style=\"text-align:center\"><strong>Wangener Kirbe<br><\/strong>Sonntag, 25.08.2019<br>16 \u2013 20 Uhr<\/p>\n<!-- \/wp:paragraph -->\n\n<!-- wp:paragraph {\"align\":\"center\"} -->\n<p style=\"text-align:center\"><strong>privater Auftritt<br><\/strong>Samstag, 21.09.2019<\/p>\n<!-- \/wp:paragraph -->\n\n<!-- wp:paragraph {\"align\":\"center\"} -->\n<p style=\"text-align:center\"><strong>privater Auftritt<br><\/strong>Samstag, 12.10.2019<\/p>\n<!-- \/wp:paragraph -->\n\n<!-- wp:paragraph {\"align\":\"center\"} -->\n<p style=\"text-align:center\"><strong>privater Auftritt<br><\/strong>Freitag, 08.11.2019<\/p>\n<!-- \/wp:paragraph -->","_et_gb_content_width":"","footnotes":""},"class_list":["post-24","page","type-page","status-publish","hentry"],"_links":{"self":[{"href":"https:\/\/sammy-short.de\/index.php?rest_route=\/wp\/v2\/pages\/24","targetHints":{"allow":["GET"]}}],"collection":[{"href":"https:\/\/sammy-short.de\/index.php?rest_route=\/wp\/v2\/pages"}],"about":[{"href":"https:\/\/sammy-short.de\/index.php?rest_route=\/wp\/v2\/types\/page"}],"author":[{"embeddable":true,"href":"https:\/\/sammy-short.de\/index.php?rest_route=\/wp\/v2\/users\/1"}],"replies":[{"embeddable":true,"href":"https:\/\/sammy-short.de\/index.php?rest_route=%2Fwp%2Fv2%2Fcomments&post=24"}],"version-history":[{"count":144,"href":"https:\/\/sammy-short.de\/index.php?rest_route=\/wp\/v2\/pages\/24\/revisions"}],"predecessor-version":[{"id":362,"href":"https:\/\/sammy-short.de\/index.php?rest_route=\/wp\/v2\/pages\/24\/revisions\/362"}],"wp:attachment":[{"href":"https:\/\/sammy-short.de\/index.php?rest_route=%2Fwp%2Fv2%2Fmedia&parent=24"}],"curies":[{"name":"wp","href":"https:\/\/api.w.org\/{rel}","templated":true}]}}